{"id":54,"date":"2025-11-25T12:50:12","date_gmt":"2025-11-25T11:50:12","guid":{"rendered":"https:\/\/cafe-grosskopff.regio-gt.de\/datenschutz\/"},"modified":"2026-03-25T18:09:08","modified_gmt":"2026-03-25T17:09:08","slug":"datenschutz","status":"publish","type":"page","link":"https:\/\/cafe-grosskopff.regio-gt.de\/startseite\/datenschutz\/","title":{"rendered":"Datenschutz"},"content":{"rendered":"\n  \n    \n    <section class=\"skrollable u-clearfix u-palette-5-light-2 u-parallax u-section-2\" id=\"sec-8f2f\">\n      <div class=\"u-clearfix u-sheet u-valign-middle-lg u-valign-middle-sm u-valign-middle-xs u-sheet-1\">\n        <div class=\"u-expanded-width-lg u-expanded-width-md u-expanded-width-sm u-expanded-width-xs u-hidden-md u-hidden-sm u-hidden-xs u-list u-list-1\">\n          <div class=\"u-repeater u-repeater-1\">\n            <div class=\"u-container-style u-image u-list-item u-repeater-item u-image-1\" data-image-width=\"225\" data-image-height=\"225\" style=\"background-image: url(&quot;https:\/\/cafe-grosskopff.regio-gt.de\/wp-content\/uploads\/2025\/11\/eingang.jpg&quot;);\">\n              <div class=\"u-container-layout u-similar-container u-valign-top u-container-layout-1\"><\/div>\n            <\/div>\n            <div class=\"u-container-style u-image u-list-item u-repeater-item u-image-2\" data-image-width=\"225\" data-image-height=\"225\" style=\"background-image: url(&quot;https:\/\/cafe-grosskopff.regio-gt.de\/wp-content\/uploads\/2025\/11\/schwarzwalder-test.jpg&quot;);\">\n              <div class=\"u-container-layout u-similar-container u-valign-top u-container-layout-2\"><\/div>\n            <\/div>\n            <div class=\"u-container-style u-image u-list-item u-repeater-item u-image-3\" data-image-width=\"225\" data-image-height=\"225\" style=\"background-image: url(&quot;https:\/\/cafe-grosskopff.regio-gt.de\/wp-content\/uploads\/2025\/11\/kaffee.jpg&quot;);\">\n              <div class=\"u-container-layout u-similar-container u-valign-top u-container-layout-3\"><\/div>\n            <\/div>\n            <div class=\"u-container-style u-image u-list-item u-repeater-item u-image-4\" data-image-width=\"214\" data-image-height=\"225\" style=\"background-image: url(&quot;https:\/\/cafe-grosskopff.regio-gt.de\/wp-content\/uploads\/2025\/11\/olmrausch.jpg&quot;);\">\n              <div class=\"u-container-layout u-similar-container u-valign-top u-container-layout-4\"><\/div>\n            <\/div>\n          <\/div>\n        <\/div>\n        <div class=\"u-container-style u-expanded-width-md u-expanded-width-sm u-expanded-width-xs u-group u-white u-group-1\">\n          <div class=\"u-container-layout u-container-layout-5\">\n            <div class=\"fr-view u-clearfix u-rich-text u-text u-text-1\">\n              <h3 style=\"line-height: 0.6;\">\n                <span class=\"u-text-palette-3-dark-2\">Datenschutzhinweise<\/span>\n              <\/h3>\n              <p style=\"line-height: 0;\">\n                <br>\n              <\/p>\n              <p id=\"isPasted\">Verantwortlicher im Sinne der Datenschutzgesetze, insbesondere der EU-Datenschutz-Grundverordnung (DSGVO), ist:<\/p>\n              <p>Nilza de Lima Gro\u00dfkopff<br>Am Kirchplatz 18<br style=\"box-sizing: border-box; -webkit-user-drag: element !important; user-select: text !important; cursor: url(&quot;data:image\/svg+xml;base64,DQoNCjxzdmcgd2lkdGg9IjIwcHgiIGhlaWdodD0iMjhweCIgdmVyc2lvbj0iMS4xIiBpZD0iTGF5ZXJfMSIgeG1sbnM9Imh0dHA6Ly93d3cudzMub3JnLzIwMDAvc3ZnIiB4bWxuczp4bGluaz0iaHR0cDovL3d3dy53My5vcmcvMTk5OS94bGluayIgeD0iMHB4IiB5PSIwcHgiDQoJIHZpZXdCb3g9IjAgMCAyMCAyOCIgZW5hYmxlLWJhY2tncm91bmQ9Im5ldyAwIDAgMjAgMjgiIHhtbDpzcGFjZT0icHJlc2VydmUiPg0KPHBhdGggZD0iTTEyLDRoLTJ2M0g5VjRIN1YzaDFWMmgxVjFoMXYxaDF2MWgxVjR6IE03LDlINFY3SDN2MUgydjFIMXYxaDF2MWgxdjFoMXYtMmgzVjl6IE0xOCw5aC0xVjhoLTFWN2gtMXYyaC0zdjFoM3YyaDF2LTFoMXYtMQ0KCWgxVjl6IE03LDE1djFoMXYxaDF2LTF2LTFIN3oiLz4NCgk8cGF0aCBmaWxsPSIjRkZGRkZGIiBkPSJNMTAsMlYxaDF2MUgxMHogTTEyLDNWMmgtMXYxSDEyeiBNMTIsM3YxaC0ydjNIOVY0SDdWM0g2djF2MWgydjNoM1Y1aDJWM0gxMnogTTEwLDBIOXYxaDFWMHogTTksMUg4djFoMVYxeg0KCSBNOCwySDd2MWgxVjJ6IE04LDE3djFoMXYtMUg4eiBNNywxNnYxaDF2LTFIN3ogTTYsMTR2Mmgxdi0xaDJ2LTFINnogTTEwLDE3djEgTTE3LDExaDF2LTFoLTFWMTF6IE0xNiwxMmgxdi0xaC0xVjEyeiBNMTYsMTJoLTF2LTINCgloLTFoLTJWOWgyaDFWN2gxVjZoLTFoLTF2MmgtM3YxdjF2MWgzdjJoMWgxVjEyeiBNMTksMTBWOWgtMXYxSDE5eiBNMTgsOVY4aC0xdjFIMTh6IE0xNyw4VjdoLTF2MUgxN3ogTTIsOEgxdjFoMVY4eiBNMyw3SDJ2MWgxVjd6DQoJIE0zLDdoMXYyaDN2MUg0djJIM3YxaDJ2LTJoM1Y4SDVWNkgzVjd6IE0wLDl2MWgxVjlIMHogTTEsMTB2MWgxdi0xSDF6IE0yLDExdjFoMXYtMUgyeiIvPg0KCTxwb2x5Z29uIGZpbGw9IiNGRkZGRkYiIHBvaW50cz0iMTYsMTkgMTcsMTkgMTgsMTkgMTgsMTggMTcsMTggMTcsMTcgMTYsMTcgMTYsMTYgMTUsMTYgMTUsMTUgMTQsMTUgMTQsMTQgMTMsMTQgMTMsMTMgMTIsMTMgMTIsMTINCgkxMSwxMiAxMSwxMSAxMCwxMSAxMCwyMiAxMSwyMiAxMSwyMSAxMiwyMSAxMiwyMCAxMywyMCAxMywyMSAxNCwyMSAxNCwyMyAxNSwyMyAxNSwyNSAxNiwyNSAxNiwyNyAxNywyNyAxOCwyNyAxOCwyNSAxNywyNSAxNywyMw0KCTE2LDIzIDE2LDIxIDE1LDIxIDE1LDE5ICIvPg0KCTxwYXRoIGQ9Ik0xMiwxM3YtMWgxdjFIMTJ6IE0xNCwxNHYtMWgtMXYxSDE0eiBNMTAsMTFoMXYtMWgtMVY5SDl2MTVoMXYtMWgxdi0xaC0xVjExeiBNMTIsMTJ2LTFoLTF2MUgxMnogTTE3LDE3di0xaC0xdjFIMTd6DQoJIE0xOCwxOHYtMWgtMXYxSDE4eiBNMTUsMTV2LTFoLTF2MUgxNXogTTE2LDE2di0xaC0xdjFIMTZ6IE0xNCwyM3YyaDF2LTJIMTR6IE0xNiwyN3YxaDN2LTF2LTJoLTF2MkgxNnogTTE4LDI1di0yaC0xdjJIMTh6IE0xNywyMw0KCXYtMmgtMXYySDE3eiBNMjAsMjB2LTFoLTF2LTFoLTF2MWgtM3YxdjFoMXYtMUgyMHogTTEzLDIxdjJoMXYtMkgxM3ogTTEyLDIwdjFoMXYtMUgxMnogTTE1LDI1djJoMXYtMkgxNXogTTExLDIyaDF2LTFoLTFWMjJ6Ii8+DQo8L3N2Zz4NCg==&quot;) 10 10, auto; pointer-events: auto !important; color: rgb(17, 17, 17); font-family: &quot;Open Sans&quot;, sans-serif; font-size: 16px; font-style: normal; font-variant-ligatures: normal; font-variant-caps: normal; font-weight: 400; letter-spacing: normal; orphans: 2; text-align: left; text-indent: 0px; text-transform: none; widows: 2; word-spacing: 0px; -webkit-text-stroke-width: 0px; white-space: normal; background-color: rgb(255, 255, 255); text-decoration-thickness: initial; text-decoration-style: initial; text-decoration-color: initial;\" id=\"isPasted\">33442 Herzebrock-Clarholz<br style=\"box-sizing: border-box; -webkit-user-drag: element !important; user-select: text !important; cursor: url(&quot;data:image\/svg+xml;base64,DQoNCjxzdmcgd2lkdGg9IjIwcHgiIGhlaWdodD0iMjhweCIgdmVyc2lvbj0iMS4xIiBpZD0iTGF5ZXJfMSIgeG1sbnM9Imh0dHA6Ly93d3cudzMub3JnLzIwMDAvc3ZnIiB4bWxuczp4bGluaz0iaHR0cDovL3d3dy53My5vcmcvMTk5OS94bGluayIgeD0iMHB4IiB5PSIwcHgiDQoJIHZpZXdCb3g9IjAgMCAyMCAyOCIgZW5hYmxlLWJhY2tncm91bmQ9Im5ldyAwIDAgMjAgMjgiIHhtbDpzcGFjZT0icHJlc2VydmUiPg0KPHBhdGggZD0iTTEyLDRoLTJ2M0g5VjRIN1YzaDFWMmgxVjFoMXYxaDF2MWgxVjR6IE03LDlINFY3SDN2MUgydjFIMXYxaDF2MWgxdjFoMXYtMmgzVjl6IE0xOCw5aC0xVjhoLTFWN2gtMXYyaC0zdjFoM3YyaDF2LTFoMXYtMQ0KCWgxVjl6IE03LDE1djFoMXYxaDF2LTF2LTFIN3oiLz4NCgk8cGF0aCBmaWxsPSIjRkZGRkZGIiBkPSJNMTAsMlYxaDF2MUgxMHogTTEyLDNWMmgtMXYxSDEyeiBNMTIsM3YxaC0ydjNIOVY0SDdWM0g2djF2MWgydjNoM1Y1aDJWM0gxMnogTTEwLDBIOXYxaDFWMHogTTksMUg4djFoMVYxeg0KCSBNOCwySDd2MWgxVjJ6IE04LDE3djFoMXYtMUg4eiBNNywxNnYxaDF2LTFIN3ogTTYsMTR2Mmgxdi0xaDJ2LTFINnogTTEwLDE3djEgTTE3LDExaDF2LTFoLTFWMTF6IE0xNiwxMmgxdi0xaC0xVjEyeiBNMTYsMTJoLTF2LTINCgloLTFoLTJWOWgyaDFWN2gxVjZoLTFoLTF2MmgtM3YxdjF2MWgzdjJoMWgxVjEyeiBNMTksMTBWOWgtMXYxSDE5eiBNMTgsOVY4aC0xdjFIMTh6IE0xNyw4VjdoLTF2MUgxN3ogTTIsOEgxdjFoMVY4eiBNMyw3SDJ2MWgxVjd6DQoJIE0zLDdoMXYyaDN2MUg0djJIM3YxaDJ2LTJoM1Y4SDVWNkgzVjd6IE0wLDl2MWgxVjlIMHogTTEsMTB2MWgxdi0xSDF6IE0yLDExdjFoMXYtMUgyeiIvPg0KCTxwb2x5Z29uIGZpbGw9IiNGRkZGRkYiIHBvaW50cz0iMTYsMTkgMTcsMTkgMTgsMTkgMTgsMTggMTcsMTggMTcsMTcgMTYsMTcgMTYsMTYgMTUsMTYgMTUsMTUgMTQsMTUgMTQsMTQgMTMsMTQgMTMsMTMgMTIsMTMgMTIsMTINCgkxMSwxMiAxMSwxMSAxMCwxMSAxMCwyMiAxMSwyMiAxMSwyMSAxMiwyMSAxMiwyMCAxMywyMCAxMywyMSAxNCwyMSAxNCwyMyAxNSwyMyAxNSwyNSAxNiwyNSAxNiwyNyAxNywyNyAxOCwyNyAxOCwyNSAxNywyNSAxNywyMw0KCTE2LDIzIDE2LDIxIDE1LDIxIDE1LDE5ICIvPg0KCTxwYXRoIGQ9Ik0xMiwxM3YtMWgxdjFIMTJ6IE0xNCwxNHYtMWgtMXYxSDE0eiBNMTAsMTFoMXYtMWgtMVY5SDl2MTVoMXYtMWgxdi0xaC0xVjExeiBNMTIsMTJ2LTFoLTF2MUgxMnogTTE3LDE3di0xaC0xdjFIMTd6DQoJIE0xOCwxOHYtMWgtMXYxSDE4eiBNMTUsMTV2LTFoLTF2MUgxNXogTTE2LDE2di0xaC0xdjFIMTZ6IE0xNCwyM3YyaDF2LTJIMTR6IE0xNiwyN3YxaDN2LTF2LTJoLTF2MkgxNnogTTE4LDI1di0yaC0xdjJIMTh6IE0xNywyMw0KCXYtMmgtMXYySDE3eiBNMjAsMjB2LTFoLTF2LTFoLTF2MWgtM3YxdjFoMXYtMUgyMHogTTEzLDIxdjJoMXYtMkgxM3ogTTEyLDIwdjFoMXYtMUgxMnogTTE1LDI1djJoMXYtMkgxNXogTTExLDIyaDF2LTFoLTFWMjJ6Ii8+DQo8L3N2Zz4NCg==&quot;) 10 10, auto; pointer-events: auto !important; color: rgb(17, 17, 17); font-family: &quot;Open Sans&quot;, sans-serif; font-size: 16px; font-style: normal; font-variant-ligatures: normal; font-variant-caps: normal; font-weight: 400; letter-spacing: normal; orphans: 2; text-align: left; text-indent: 0px; text-transform: none; widows: 2; word-spacing: 0px; -webkit-text-stroke-width: 0px; white-space: normal; background-color: rgb(255, 255, 255); text-decoration-thickness: initial; text-decoration-style: initial; text-decoration-color: initial;\">Telefon +49 52 45 2437<br style=\"box-sizing: border-box; -webkit-user-drag: element !important; user-select: text !important; cursor: url(&quot;data:image\/svg+xml;base64,DQoNCjxzdmcgd2lkdGg9IjIwcHgiIGhlaWdodD0iMjhweCIgdmVyc2lvbj0iMS4xIiBpZD0iTGF5ZXJfMSIgeG1sbnM9Imh0dHA6Ly93d3cudzMub3JnLzIwMDAvc3ZnIiB4bWxuczp4bGluaz0iaHR0cDovL3d3dy53My5vcmcvMTk5OS94bGluayIgeD0iMHB4IiB5PSIwcHgiDQoJIHZpZXdCb3g9IjAgMCAyMCAyOCIgZW5hYmxlLWJhY2tncm91bmQ9Im5ldyAwIDAgMjAgMjgiIHhtbDpzcGFjZT0icHJlc2VydmUiPg0KPHBhdGggZD0iTTEyLDRoLTJ2M0g5VjRIN1YzaDFWMmgxVjFoMXYxaDF2MWgxVjR6IE03LDlINFY3SDN2MUgydjFIMXYxaDF2MWgxdjFoMXYtMmgzVjl6IE0xOCw5aC0xVjhoLTFWN2gtMXYyaC0zdjFoM3YyaDF2LTFoMXYtMQ0KCWgxVjl6IE03LDE1djFoMXYxaDF2LTF2LTFIN3oiLz4NCgk8cGF0aCBmaWxsPSIjRkZGRkZGIiBkPSJNMTAsMlYxaDF2MUgxMHogTTEyLDNWMmgtMXYxSDEyeiBNMTIsM3YxaC0ydjNIOVY0SDdWM0g2djF2MWgydjNoM1Y1aDJWM0gxMnogTTEwLDBIOXYxaDFWMHogTTksMUg4djFoMVYxeg0KCSBNOCwySDd2MWgxVjJ6IE04LDE3djFoMXYtMUg4eiBNNywxNnYxaDF2LTFIN3ogTTYsMTR2Mmgxdi0xaDJ2LTFINnogTTEwLDE3djEgTTE3LDExaDF2LTFoLTFWMTF6IE0xNiwxMmgxdi0xaC0xVjEyeiBNMTYsMTJoLTF2LTINCgloLTFoLTJWOWgyaDFWN2gxVjZoLTFoLTF2MmgtM3YxdjF2MWgzdjJoMWgxVjEyeiBNMTksMTBWOWgtMXYxSDE5eiBNMTgsOVY4aC0xdjFIMTh6IE0xNyw4VjdoLTF2MUgxN3ogTTIsOEgxdjFoMVY4eiBNMyw3SDJ2MWgxVjd6DQoJIE0zLDdoMXYyaDN2MUg0djJIM3YxaDJ2LTJoM1Y4SDVWNkgzVjd6IE0wLDl2MWgxVjlIMHogTTEsMTB2MWgxdi0xSDF6IE0yLDExdjFoMXYtMUgyeiIvPg0KCTxwb2x5Z29uIGZpbGw9IiNGRkZGRkYiIHBvaW50cz0iMTYsMTkgMTcsMTkgMTgsMTkgMTgsMTggMTcsMTggMTcsMTcgMTYsMTcgMTYsMTYgMTUsMTYgMTUsMTUgMTQsMTUgMTQsMTQgMTMsMTQgMTMsMTMgMTIsMTMgMTIsMTINCgkxMSwxMiAxMSwxMSAxMCwxMSAxMCwyMiAxMSwyMiAxMSwyMSAxMiwyMSAxMiwyMCAxMywyMCAxMywyMSAxNCwyMSAxNCwyMyAxNSwyMyAxNSwyNSAxNiwyNSAxNiwyNyAxNywyNyAxOCwyNyAxOCwyNSAxNywyNSAxNywyMw0KCTE2LDIzIDE2LDIxIDE1LDIxIDE1LDE5ICIvPg0KCTxwYXRoIGQ9Ik0xMiwxM3YtMWgxdjFIMTJ6IE0xNCwxNHYtMWgtMXYxSDE0eiBNMTAsMTFoMXYtMWgtMVY5SDl2MTVoMXYtMWgxdi0xaC0xVjExeiBNMTIsMTJ2LTFoLTF2MUgxMnogTTE3LDE3di0xaC0xdjFIMTd6DQoJIE0xOCwxOHYtMWgtMXYxSDE4eiBNMTUsMTV2LTFoLTF2MUgxNXogTTE2LDE2di0xaC0xdjFIMTZ6IE0xNCwyM3YyaDF2LTJIMTR6IE0xNiwyN3YxaDN2LTF2LTJoLTF2MkgxNnogTTE4LDI1di0yaC0xdjJIMTh6IE0xNywyMw0KCXYtMmgtMXYySDE3eiBNMjAsMjB2LTFoLTF2LTFoLTF2MWgtM3YxdjFoMXYtMUgyMHogTTEzLDIxdjJoMXYtMkgxM3ogTTEyLDIwdjFoMXYtMUgxMnogTTE1LDI1djJoMXYtMkgxNXogTTExLDIyaDF2LTFoLTFWMjJ6Ii8+DQo8L3N2Zz4NCg==&quot;) 10 10, auto; pointer-events: auto !important; color: rgb(17, 17, 17); font-family: &quot;Open Sans&quot;, sans-serif; font-size: 16px; font-style: normal; font-variant-ligatures: normal; font-variant-caps: normal; font-weight: 400; letter-spacing: normal; orphans: 2; text-align: left; text-indent: 0px; text-transform: none; widows: 2; word-spacing: 0px; -webkit-text-stroke-width: 0px; white-space: normal; background-color: rgb(255, 255, 255); text-decoration-thickness: initial; text-decoration-style: initial; text-decoration-color: initial;\">E-Mail <a class=\"u-active-none u-border-none u-btn u-button-link u-button-style u-hover-none u-none u-text-palette-1-base u-btn-1\" href=\"mailto:cafe-grosskopff@regio-gt.de\">cafe-grosskopff@regio-gt.de<\/a> &nbsp;\n              <\/p>\n              <h5>\n                <span class=\"u-text-palette-3-dark-2\" style=\"font-style: italic;\">Ihre Betroffenenrechte<\/span>\n              <\/h5>\n              <p>Unter den angegebenen Kontaktdaten k\u00f6nnen Sie gem\u00e4\u00df EU-Datenschutz-Grundverordnung (DSGVO) jederzeit folgende Rechte aus\u00fcben:<\/p>\n              <ul>\n                <li>\n                  <p>Auskunft \u00fcber Ihre bei uns gespeicherten Daten und deren Verarbeitung (Art. 15 DSGVO,<\/p>\n                <\/li>\n                <li>\n                  <p>Berichtigung unrichtiger personenbezogener Daten (Art. 16 DSGVO),<\/p>\n                <\/li>\n                <li>\n                  <p>L\u00f6schung Ihrer bei uns gespeicherten Daten (Art. 17 DSGVO),<\/p>\n                <\/li>\n                <li>\n                  <p>Einschr\u00e4nkung der Datenverarbeitung, sofern wir Ihre Daten aufgrund gesetzlicher Pflichten noch nicht l\u00f6schen d\u00fcrfen (Art. 18 DSGVO),<\/p>\n                <\/li>\n                <li>\n                  <p>Widerspruch gegen die Verarbeitung Ihrer Daten bei uns (Art. 21 DSGVO) und<\/p>\n                <\/li>\n                <li>\n                  <p>Daten\u00fcbertragbarkeit, sofern Sie in die Datenverarbeitung eingewilligt haben oder einen Vertrag mit uns abgeschlossen haben (Art. 20 DSGVO).<\/p>\n                <\/li>\n              <\/ul>\n              <p>Sofern Sie uns eine Einwilligung erteilt haben, k\u00f6nnen Sie diese jederzeit mit Wirkung f\u00fcr die Zukunft widerrufen.<\/p>\n              <p>Sie k\u00f6nnen sich jederzeit mit einer Beschwerde an eine Aufsichtsbeh\u00f6rde wenden, z. B. an die zust\u00e4ndige Aufsichtsbeh\u00f6rde des Bundeslands Ihres Wohnsitzes oder an die f\u00fcr uns als verantwortliche Stelle zust\u00e4ndige Beh\u00f6rde.<\/p>\n              <p>Eine Liste der Aufsichtsbeh\u00f6rden (f\u00fcr den nicht\u00f6ffentlichen Bereich) mit Anschrift finden Sie unter: <a class=\"u-active-none u-border-none u-btn u-button-link u-button-style u-hover-none u-none u-text-palette-1-base u-btn-2\" href=\"Webadresse%20eingeben\" rel=\"noopener noreferrer\" target=\"_blank\">https:\/\/www.bfdi.bund.de\/DE\/Infothek\/Anschriften_Links\/anschriften_links-node.html<\/a>\n                <span class=\"u-text-palette-2-dark-2\" style=\"font-style: italic;\">.<\/span>\n              <\/p>\n              <h5>\n                <span class=\"u-text-palette-2-dark-2\" style=\"font-style: italic;\">Verarbeitungst\u00e4tigkeiten<\/span>\n              <\/h5>\n              <p>Kontaktaufnahme<\/p>\n              <p>Art und Zweck der Verarbeitung<\/p>\n              <p>Auf unserer Website ist ein Kontaktformular vorhanden, welches f\u00fcr die elektronische Kontaktaufnahme genutzt werden kann. Nimmt ein Nutzer diese M\u00f6glichkeit wahr, so werden die in der Eingabemaske eingegeben Daten an uns \u00fcbermittelt und gespeichert.<\/p>\n              <p>Zum Zeitpunkt der Absendung der Nachricht werden zudem folgende Daten gespeichert:<\/p>\n              <ul>\n                <li>\n                  <p>IP-Adresse des anfragenden Ger\u00e4ts<\/p>\n                <\/li>\n                <li>\n                  <p>Datum und Uhrzeit der Anfrage<\/p>\n                <\/li>\n                <li>\n                  <p>URL, von der die Anfrage erfolgte<\/p>\n                <\/li>\n              <\/ul>\n              <p>Eine Kontaktaufnahme ist \u00fcber die bereitgestellten E-Mail-Adressen m\u00f6glich. In diesem Fall werden die mit der E-Mail \u00fcbermittelten personenbezogenen Daten des Nutzers gespeichert. Hierzu z\u00e4hlen Datum und Uhrzeit des E-Mailversands, E-Mailadresse, IP-Adressen sowie Informationen zu den an der E-Mail-Kommunikation beteiligten Servern.<\/p>\n              <p>Sie k\u00f6nnen Sie \u00fcber die bereitgestellten Telefonnummern Kontakt zu uns aufnehmen. Hierbei erheben wir Protokolldaten, die Ihre Telefonnummer beinhalten.<\/p>\n              <p>Unabh\u00e4ngig von der gew\u00e4hlten Kommunikationsart erheben wir den Inhalt Ihrer Anfrage. Ihre Daten werden zum Zweck der individuellen Kommunikation mit Ihnen gespeichert.<\/p>\n              <h5>\n                <span class=\"u-text-palette-3-dark-2\" style=\"font-style: italic;\">Rechtsgrundlage<\/span>\n              <\/h5>\n              <p>Die Verarbeitung der Daten erfolgt auf der Grundlage eines berechtigten Interesses (Art. 6 Abs. 1 lit. f DSGVO).<\/p>\n              <p>Unser berechtigtes Interesse an der Verarbeitung Ihrer Daten ist die Erm\u00f6glichung einer unkomplizierten Kontaktaufnahme.<\/p>\n              <p>Sofern Sie mit uns Kontakt aufnehmen, um ein Angebot zu erfragen, erfolgt die Verarbeitung der Daten zur Durchf\u00fchrung vorvertraglicher Ma\u00dfnahmen (Art. 6 Abs. 1 lit. b DSGVO).<\/p>\n              <h5>\n                <span class=\"u-text-palette-3-dark-2\" style=\"font-style: italic;\">Empf\u00e4nger<\/span>\n              <\/h5>\n              <p>Empf\u00e4nger der Daten sind ggf. technische Dienstleister, die f\u00fcr den Betrieb und die Wartung unserer Webseite als Auftragsverarbeiter t\u00e4tig werden.<\/p>\n              <h5>\n                <span class=\"u-text-palette-3-dark-2\" style=\"font-style: italic;\">Speicherdauer<\/span>\n              <\/h5>\n              <p>Daten werden sp\u00e4testens 6 Monate nach Bearbeitung der Kontaktaufnahme gel\u00f6scht.<\/p>\n              <p>Sofern es zu einem Vertragsverh\u00e4ltnis kommt, unterliegen wir den gesetzlichen Aufbewahrungsfristen. Diese betragen grunds\u00e4tzlich 6 oder 10 Jahre aus Gr\u00fcnden der ordnungsm\u00e4\u00dfigen Buchf\u00fchrung und steuerrechtlichen Anforderungen. Bereitstellung vorgeschrieben oder erforderlich<\/p>\n              <p>Die Bereitstellung Ihrer personenbezogenen Daten erfolgt freiwillig. Wir k\u00f6nnen Ihre Anfrage jedoch nur bearbeiten, sofern Sie uns die erforderlichen Daten und den Grund der Anfrage mitteilen.<\/p>\n              <h5>\n                <span class=\"u-text-palette-3-dark-2\">Widerspruch<\/span>\n              <\/h5>\n              <p>Lesen Sie dazu die Informationen \u00fcber Ihr Widerspruchsrecht nach Art. 21 DSGVO weiter unten.<\/p>\n              <h5>\n                <span class=\"u-text-palette-3-dark-2\" style=\"font-style: italic;\">Social Plugin (Shariff)<\/span>\n              <\/h5>\n              <p>Auf unserer Website nutzen wir ein Social Plugin, um das Teilen bei den unten aufgef\u00fchrten Social-Media-Angeboten bzw. Anbietern zu vereinfachen. Die Funktionalit\u00e4t k\u00f6nnen Sie daran erkennen, dass sie mit dem entsprechenden Logo gekennzeichnet ist.<\/p>\n              <p>Standardm\u00e4\u00dfig sind diese Buttons deaktiviert und stellen somit keinen Kontakt mit den Servern des jeweiligen Anbieters her. Erst wenn der Websitebesucher die Buttons aktiviert und damit seine Zustimmung zur Kommunikation mit dem jeweiligen Anbieter erkl\u00e4rt, werden die Buttons aktiv und stellen die Verbindung her (jedoch nur f\u00fcr den jeweils ausgew\u00e4hlten Anbieter). Mit einem zweiten Klick kann der Websitebesucher dann seine Empfehlung an das Social-Media-Angebot \u00fcbermitteln.<\/p>\n              <p>Wir haben auf unserer Website die Social-Media-Buttons folgender Unternehmen eingebunden:<\/p>\n              <ul>\n                <li>\n                  <p>Facebook<\/p>\n                <\/li>\n              <\/ul>\n              <h5>\n                <span class=\"u-text-palette-2-dark-2\" style=\"font-style: italic;\">Reichweitenmessung<\/span>\n              <\/h5>\n              <p>\n                <span style=\"font-weight: 700;\">Art und Zweck der Verarbeitung<\/span>\n              <\/p>\n              <p>Die Reichweitenmessung dient der Auswertung der Besucherstr\u00f6me unseres Onlineangebotes und kann Verhalten, Interessen oder demographische Informationen zu den Besuchern, wie z.B. das Alter oder das Geschlecht, als pseudonyme Werte umfassen. Mit Hilfe der Reichweitenanalyse k\u00f6nnen wir z.B. erkennen, zu welcher Zeit unser Onlineangebot oder dessen Funktionen oder Inhalte am h\u00e4ufigsten genutzt werden oder zur Wiederverwendung einladen. Ebenso k\u00f6nnen wir nachvollziehen, welche Bereiche der Anpassung bed\u00fcrfen.<\/p>\n              <p>Welche Tools wir zur Reichweitenmessung einsetzen, finden Sie weiter unte<span class=\"u-text-palette-3-dark-2\" style=\"font-style: italic;\">n.<\/span>\n              <\/p>\n              <h5>\n                <span class=\"u-text-palette-3-dark-2\" style=\"font-style: italic;\">Rechtsgrundlage<\/span>\n              <\/h5>\n              <p>Die Verarbeitung erfolgt gem\u00e4\u00df Art. 6 Abs. 1 lit. f DSGVO auf Basis unseres berechtigten Interesses. Die Messung der Reichweite und die sich daraus ergebenden Informationen sind geeignet, um das Webangebot anzupassen.<\/p>\n              <h5>\n                <span class=\"u-text-palette-2-dark-2\" style=\"font-style: italic;\">Empf\u00e4nger<\/span>\n              <\/h5>\n              <p>Wir setzen f\u00fcr Betrieb und Wartung unserer Webseite technische Dienstleister ein, die als unsere Auftragsverarbeiter t\u00e4tig werden.<\/p>\n              <h5>\n                <span style=\"font-style: italic;\">Speicherdauer<\/span>\n              <\/h5>\n              <p>Informationen zur Speicherdauer finden Sie in den unten aufgef\u00fchrten Informationen zu den eingesetzten Tools.<\/p>\n              <h5>\n                <span class=\"u-text-palette-2-dark-2\" style=\"font-style: italic;\">Bereitstellung vorgeschrieben oder erforderlich<\/span>\n              <\/h5>\n              <p>Die Bereitstellung der Daten ist weder gesetzlich noch vertraglich vorgeschrieben.<\/p>\n              <h5>\n                <span class=\"u-text-palette-3-dark-2\" style=\"font-style: italic;\">Widerspruch<\/span>\n              <\/h5>\n              <p>Lesen Sie dazu die Informationen \u00fcber Ihr Widerspruchsrecht nach Art. 21 DSGVO weiter unten.<\/p>\n              <h5>\n                <span class=\"u-text-palette-3-dark-2\" style=\"font-style: italic;\">Eingesetzte Tools zur Reichweitenmessung<\/span>\n              <\/h5>\n              <p>\n                <span style=\"font-weight: 700;\">Verwendung des Tracking-Tools Google Analytics<\/span>\n              <\/p>\n              <p>\n                <span style=\"font-weight: 700;\">Art und Zweck der Verarbeitung<\/span>\n              <\/p>\n              <p>Soweit Sie Ihre Einwilligung erteilt haben, wird auf dieser Website Google Analytics 4 eingesetzt, ein Webanalysedienst der Google Ireland Limited (Google Building Gordon House, 4 Barrow St, Dublin, D04 E5W5, Irland).<\/p>\n              <p>Google Analytics verwendet Cookies, die eine Analyse der Benutzung der Website durch Sie erm\u00f6glichen. Die gesammelten Informationen werden in der Regel an einen Server von Google in den USA \u00fcbertragen und dort gespeichert.<\/p>\n              <p>Bei Google Analytics ist standardm\u00e4\u00dfig eine automatische Anonymisierung der IP-Adressen aktiviert. Aufgrund der Aktivierung der IP-Anonymisierung auf dieser Website, wird Ihre IP-Adresse von Google innerhalb von Mitgliedstaaten der EU bzw. EWR gek\u00fcrzt. Nur in Ausnahmef\u00e4llen wird die volle IP-Adresse an einen Server von Google in den USA \u00fcbertragen und dort gek\u00fcrzt. Die im Rahmen von Google Analytics von Ihrem Browser \u00fcbermittelte IP-Adresse wird nach den von Google erh\u00e4ltlichen Angaben nicht mit anderen Daten von Google zusammengef\u00fchrt.<\/p>\n              <p>W\u00e4hrend des Besuchs unserer Website wird Ihr Nutzerverhalten in Form von sogenannten Ereignissen erfasst, wie z.B.:<\/p>\n              <ul>\n                <li>\n                  <p>Seitenaufrufe<\/p>\n                <\/li>\n                <li>\n                  <p>Start einer Sitzung<\/p>\n                <\/li>\n                <li>\n                  <p>Verweildauer<\/p>\n                <\/li>\n                <li>\n                  <p>Nutzer-Engagement<\/p>\n                <\/li>\n                <li>\n                  <p>Erster Besuch einer Website<\/p>\n                <\/li>\n                <li>\n                  <p>Scrolls (wenn ein Besucher 90% bis zum Seitenende scrollt)<\/p>\n                <\/li>\n                <li>\n                  <p>Klicks auf externe Links<\/p>\n                <\/li>\n                <li>\n                  <p>Gesehene bzw. angeklickte Anzeigen<\/p>\n                <\/li>\n                <li>\n                  <p>Interne Suchen<\/p>\n                <\/li>\n                <li>\n                  <p>Interaktion mit Videoinhalten<\/p>\n                <\/li>\n                <li>\n                  <p>Downloads<\/p>\n                <\/li>\n                <li>\n                  <p>Spracheinstellungen<\/p>\n                <\/li>\n              <\/ul>\n              <p>Zus\u00e4tzlich werden folgende Informationen erfasst:<\/p>\n              <ul>\n                <li>\n                  <p>Ihr ungef\u00e4hrer Standort (Region)<\/p>\n                <\/li>\n                <li>\n                  <p>Ihre IP-Adresse (in gek\u00fcrzter Form)<\/p>\n                <\/li>\n                <li>\n                  <p>Technische Informationen wie Browser, Internetanbieter, Endger\u00e4t und Bildschirmaufl\u00f6sung<\/p>\n                <\/li>\n                <li>\n                  <p>Herkunftsquelle (Referrer-URL) Ihres Besuchs (d.h. \u00fcber welche Website bzw. \u00fcber welches Werbemittel Sie zu uns gekommen sind)<\/p>\n                <\/li>\n              <\/ul>\n              <p>N\u00e4here Informationen zu Nutzungsbedingungen und Datenschutz finden Sie unter <a class=\"u-active-none u-border-none u-btn u-button-link u-button-style u-hover-none u-none u-text-palette-1-base u-btn-3\" href=\"https:\/\/www.google.com\/analytics\/terms\/de\" rel=\"noopener noreferrer\" target=\"_blank\">https:\/\/www.google.com\/analytics\/terms\/de<\/a>.html und unter <a class=\"u-active-none u-border-none u-btn u-button-link u-button-style u-hover-none u-none u-text-palette-1-base u-btn-4\" href=\"https:\/\/policies.google.com\/?hl=de\" rel=\"noopener noreferrer\" target=\"_blank\">https:\/\/policies.google.com\/?hl=de<\/a>.\n              <\/p>\n              <p>Im Auftrag des Betreibers dieser Website wird Google diese Informationen benutzen, um Ihre Nutzung der Webseite auszuwerten, um Reports \u00fcber die Webseitenaktivit\u00e4ten zusammenzustellen und um weitere mit der Websitenutzung und der Internetnutzung verbundene Dienstleistungen gegen\u00fcber dem Webseitenbetreiber zu erbringen.<\/p>\n              <h5>\n                <span class=\"u-text-palette-3-dark-2\" style=\"font-style: italic;\">Rechtsgrundlage<\/span>\n              <\/h5>\n              <p>\n                <span style=\"font-weight: 700;\">Rechtsgrundlage f\u00fcr diese Datenverarbeitung ist Ihre Einwilligung gem. Art.6 Abs.1 S.1 lit.a DSGVO.<\/span>\n              <\/p>\n              <h5>\n                <span class=\"u-text-palette-3-dark-2\" style=\"font-style: italic;\">Empf\u00e4nger<\/span>\n              <\/h5>\n              <p>Wir setzen f\u00fcr Betrieb und Wartung unserer Webseite und f\u00fcr die Auswertung der Cookies technische Dienstleister ein, die als unsere Auftragsverarbeiter t\u00e4tig werden.<\/p>\n              <p>Weitere Empf\u00e4nger der Daten ist die Google Ireland Limited (Google Building Gordon House, 4 Barrow St, Dublin, D04 E5W5, Irland). Die Google Ireland Limited setzt die Google LLC in den USA (1600 Amphitheatre Parkway, Mountain View, CA 94043, USA) als Dienstleister ein.<\/p>\n              <h5>\n                <span class=\"u-text-palette-3-dark-2\" style=\"font-style: italic;\">Speicherdauer<\/span>\n              <\/h5>\n              <p>Die von uns gesendeten und mit Cookies verkn\u00fcpften Daten werden nach automatisch gel\u00f6scht nach: 6 Monate.<\/p>\n              <p>Die maximale Lebensdauer der Google Analytics Cookies betr\u00e4gt zwei Jahre. Die L\u00f6schung von Daten, deren Aufbewahrungsdauer erreicht ist, erfolgt automatisch einmal im Monat.<\/p>\n              <h5>\n                <span class=\"u-text-palette-3-dark-2\" style=\"font-style: italic;\">Drittlandtransfer<\/span>\n              <\/h5>\n              <p>Da der Hauptsitz von Google in den USA ist, kann nicht ausgeschlossen werden, dass die Daten auf Servern von Google in den USA verarbeitet werden. Dadurch besteht das Risiko, dass Ihre Daten von US-Beh\u00f6rden zu Kontroll- und \u00dcberwachungszwecken verarbeitet werden k\u00f6nnen, ohne dass Ihnen Rechtsbehelfsm\u00f6glichkeiten zustehen. Zur Herstellung eines angemessenen Datenschutzniveaus haben wir mit Google EU-Standardvertragsklauseln geschlossen, welche hier eingesehen werden k\u00f6nnen: https:\/\/business.safety.google\/adscontrollerterms\/sccs\/eu-c2c\/<\/p>\n              <h5>\n                <span class=\"u-text-palette-2-dark-2\" style=\"font-style: italic;\">Widerruf der Einwilligung<\/span>\n              <\/h5>\n              <p>Sie k\u00f6nnen Ihre Einwilligung jederzeit in den Cookie-Einstellungen f\u00fcr die Zukunft widerrufen.<\/p>\n              <p>Zudem k\u00f6nnen Sie das Tracking durch Google Analytics auf unserer Website unterbinden, indem Sie diesen Link anklicken. Dabei wird ein Opt-out-Cookie auf Ihrem Ger\u00e4t installiert. Damit wird die Erfassung durch Google Analytics f\u00fcr diese Website und f\u00fcr diesen Browser zuk\u00fcnftig verhindert, solange das Cookie in Ihrem Browser installiert bleibt.<\/p>\n              <p>Sie k\u00f6nnen dar\u00fcber hinaus die Erfassung der durch das Cookie erzeugten und auf Ihre Nutzung der Website bezogenen Daten (inkl. Ihrer IP-Adresse) an Google sowie die Verarbeitung dieser Daten durch Google verhindern, indem sie das unter dem folgenden Link verf\u00fcgbare Browser-Plugin herunterladen und installieren: Browser Add On zur Deaktivierung von Google Analytics.<\/p>\n              <h5>\n                <span class=\"u-text-palette-3-dark-2\" style=\"font-style: italic;\">Cookies<\/span>\n              <\/h5>\n              <p>Ein Cookie ist ein kleiner Datensatz, der beim Besuch einer Website erstellt und auf dem System Websitebesuchers zwischengespeichert wird. Wird der Server dieser Website erneut vom Nutzer der Website aufgerufen, sendet der Browser des Nutzers der Website das zuvor empfangenen Cookie wieder zur\u00fcck an den Server. Der Server kann die durch dieses Verfahren erhaltenen Informationen auswerten. Durch Cookies kann insbesondere das Navigieren auf einer Website erleichtert werden.<\/p>\n              <p>Ausf\u00fchrliche Informationen zum Thema Cookies, und welche Cookies auf dieser Website zu welchem Zweck im Einsatz sind, k\u00f6nnen Sie jederzeit in den Cookie-Einstellungen aufrufen.<\/p>\n              <h5>\n                <span class=\"u-text-palette-2-dark-2\" style=\"font-style: italic;\">L\u00f6schen von Cookies<\/span>\n              <\/h5>\n              <p>Sie k\u00f6nnen einzelne Cookies oder den gesamten Cookie-Bestand l\u00f6schen. Dar\u00fcber hinaus erhalten Sie Informationen und Anleitungen, wie diese Cookies gel\u00f6scht oder deren Speicherung vorab blockiert werden k\u00f6nnen. Je nach Anbieter Ihres Browsers finden Sie die notwendigen Informationen unter den nachfolgenden Links:<\/p>\n              <ul>\n                <li>\n                  <p>Mozilla Firefox: https:\/\/support.mozilla.org\/de\/kb\/cookies-loeschen-daten-von-websites-entfernen<\/p>\n                <\/li>\n                <li>\n                  <p>Microsoft Edge: <a class=\"u-active-none u-border-none u-btn u-button-link u-button-style u-hover-none u-none u-text-palette-1-base u-btn-5\" href=\"https:\/\/support.microsoft.com\/de-de\/windows\/verwalten-von-cookies-in-microsoft-edge-anzeigen-zulassen-blockieren-l%C3%B6schen-und-verwenden-168dab11-0753-043d-7c16-ede5947fc64d\" rel=\"noopener noreferrer\" target=\"_blank\">https:\/\/support.microsoft.com\/de-de\/windows\/verwalten-von-cookies-in-microsoft-edge-anzeigen-zulassen-blockieren-l%C3%B6schen-und-verwenden-168dab11-0753-043d-7c16-ede5947fc64d<\/a>\n                  <\/p>\n                <\/li>\n                <li>\n                  <p>Google Chrome: <a class=\"u-active-none u-border-none u-btn u-button-link u-button-style u-hover-none u-none u-text-palette-1-base u-btn-6\" href=\"https:\/\/support.google.com\/accounts\/answer\/61416?hl=de\" rel=\"noopener noreferrer\" target=\"_blank\">https:\/\/support.google.com\/accounts\/answer\/61416?hl=de<\/a>\n                  <\/p>\n                <\/li>\n                <li>\n                  <p>Opera: <a class=\"u-active-none u-border-none u-btn u-button-link u-button-style u-hover-none u-none u-text-palette-1-base u-btn-7\" href=\"http:\/\/www.opera.com\/de\/help\">http:\/\/www.opera.com\/de\/help<\/a>\n                  <\/p>\n                <\/li>\n                <li>\n                  <p>\n                    <a class=\"u-active-none u-border-none u-btn u-button-link u-button-style u-hover-none u-none u-text-palette-1-base u-btn-8\" href=\"https:\/\/support.apple.com\/kb\/PH17191?locale=de_DE&amp;viewlocale=de_DE\">Safari: https:\/\/support.apple.com\/kb\/PH17191?locale=de_DE&amp;viewlocale=de_DE<\/a>\n                  <\/p>\n                <\/li>\n              <\/ul>\n              <p>\n                <a href=\"http:\/\/www.opera.com\/de\/help\">Zus\u00e4tzlich k\u00f6nnen Sie standardm\u00e4\u00dfig das Laden sog. Scripts verhindern. NoScript erlaubt das Ausf\u00fchren von JavaScript, Java und anderen Plugins nur bei vertrauensw\u00fcrdigen Domains Ihrer Wahl.<\/a>\n              <\/p>\n              <p>\n                <a href=\"http:\/\/www.opera.com\/de\/help\">Informationen und Anleitungen, wie Sie diese Funktion bearbeiten k\u00f6nnen, erhalten Sie \u00fcber den Anbieter Ihres Browsers (z.B. f\u00fcr Mozilla Firefox: &nbsp;https:\/\/addons.mozilla.org\/de\/firefox\/addon\/noscript\/).<\/a>\n              <\/p>\n              <h5>\n                <a href=\"http:\/\/www.opera.com\/de\/help\">&nbsp;<span class=\"u-text-palette-3-dark-2\" style=\"font-style: italic;\">Information \u00fcber Ihr Widerspruchsrecht nach Art. 21 DSGVO<\/span>&nbsp;\n                <\/a>\n              <\/h5>\n              <p>\n                <a href=\"http:\/\/www.opera.com\/de\/help\">&nbsp;<span style=\"font-weight: 700;\">Einzelfallbezogenes Widerspruchsrecht<\/span>&nbsp;\n                <\/a>\n              <\/p>\n              <p>\n                <a href=\"http:\/\/www.opera.com\/de\/help\">Sie haben das Recht, aus Gr\u00fcnden, die sich aus Ihrer besonderen Situation ergeben, jederzeit gegen die Verarbeitung Sie betreffender personenbezogener Daten, die aufgrund Art. 6 Abs. 1 lit. f DSGVO (Datenverarbeitung auf der Grundlage einer Interessenabw\u00e4gung) erfolgt, Widerspruch einzulegen; dies gilt auch f\u00fcr ein auf diese Bestimmung gest\u00fctztes Profiling im Sinne von Art. 4 Nr. 4 DSGVO.<\/a>\n              <\/p>\n              <p>\n                <a href=\"http:\/\/www.opera.com\/de\/help\">Legen Sie Widerspruch ein, werden wir Ihre personenbezogenen Daten nicht mehr verarbeiten, es sei denn, wir k\u00f6nnen zwingende schutzw\u00fcrdige Gr\u00fcnde f\u00fcr die Verarbeitung nachweisen, die Ihre Interessen, Rechte und Freiheiten \u00fcberwiegen, oder die Verarbeitung dient der Geltendmachung, Aus\u00fcbung oder Verteidigung von Rechtsanspr\u00fcchen.<\/a>\n              <\/p>\n              <h5>\n                <a href=\"http:\/\/www.opera.com\/de\/help\">&nbsp;<span class=\"u-text-palette-3-dark-2\" style=\"font-style: italic;\">Empf\u00e4nger eines Widerspruchs<\/span>&nbsp;\n                <\/a>\n              <\/h5>\n              <p>Nilza de Lima Gro\u00dfkopff<br style=\"box-sizing: border-box; -webkit-user-drag: element !important; user-select: text !important; outline: 0px !important; cursor: url(&quot;data:image\/svg+xml;base64,DQoNCjxzdmcgd2lkdGg9IjIwcHgiIGhlaWdodD0iMjhweCIgdmVyc2lvbj0iMS4xIiBpZD0iTGF5ZXJfMSIgeG1sbnM9Imh0dHA6Ly93d3cudzMub3JnLzIwMDAvc3ZnIiB4bWxuczp4bGluaz0iaHR0cDovL3d3dy53My5vcmcvMTk5OS94bGluayIgeD0iMHB4IiB5PSIwcHgiDQoJIHZpZXdCb3g9IjAgMCAyMCAyOCIgZW5hYmxlLWJhY2tncm91bmQ9Im5ldyAwIDAgMjAgMjgiIHhtbDpzcGFjZT0icHJlc2VydmUiPg0KPHBhdGggZD0iTTEyLDRoLTJ2M0g5VjRIN1YzaDFWMmgxVjFoMXYxaDF2MWgxVjR6IE03LDlINFY3SDN2MUgydjFIMXYxaDF2MWgxdjFoMXYtMmgzVjl6IE0xOCw5aC0xVjhoLTFWN2gtMXYyaC0zdjFoM3YyaDF2LTFoMXYtMQ0KCWgxVjl6IE03LDE1djFoMXYxaDF2LTF2LTFIN3oiLz4NCgk8cGF0aCBmaWxsPSIjRkZGRkZGIiBkPSJNMTAsMlYxaDF2MUgxMHogTTEyLDNWMmgtMXYxSDEyeiBNMTIsM3YxaC0ydjNIOVY0SDdWM0g2djF2MWgydjNoM1Y1aDJWM0gxMnogTTEwLDBIOXYxaDFWMHogTTksMUg4djFoMVYxeg0KCSBNOCwySDd2MWgxVjJ6IE04LDE3djFoMXYtMUg4eiBNNywxNnYxaDF2LTFIN3ogTTYsMTR2Mmgxdi0xaDJ2LTFINnogTTEwLDE3djEgTTE3LDExaDF2LTFoLTFWMTF6IE0xNiwxMmgxdi0xaC0xVjEyeiBNMTYsMTJoLTF2LTINCgloLTFoLTJWOWgyaDFWN2gxVjZoLTFoLTF2MmgtM3YxdjF2MWgzdjJoMWgxVjEyeiBNMTksMTBWOWgtMXYxSDE5eiBNMTgsOVY4aC0xdjFIMTh6IE0xNyw4VjdoLTF2MUgxN3ogTTIsOEgxdjFoMVY4eiBNMyw3SDJ2MWgxVjd6DQoJIE0zLDdoMXYyaDN2MUg0djJIM3YxaDJ2LTJoM1Y4SDVWNkgzVjd6IE0wLDl2MWgxVjlIMHogTTEsMTB2MWgxdi0xSDF6IE0yLDExdjFoMXYtMUgyeiIvPg0KCTxwb2x5Z29uIGZpbGw9IiNGRkZGRkYiIHBvaW50cz0iMTYsMTkgMTcsMTkgMTgsMTkgMTgsMTggMTcsMTggMTcsMTcgMTYsMTcgMTYsMTYgMTUsMTYgMTUsMTUgMTQsMTUgMTQsMTQgMTMsMTQgMTMsMTMgMTIsMTMgMTIsMTINCgkxMSwxMiAxMSwxMSAxMCwxMSAxMCwyMiAxMSwyMiAxMSwyMSAxMiwyMSAxMiwyMCAxMywyMCAxMywyMSAxNCwyMSAxNCwyMyAxNSwyMyAxNSwyNSAxNiwyNSAxNiwyNyAxNywyNyAxOCwyNyAxOCwyNSAxNywyNSAxNywyMw0KCTE2LDIzIDE2LDIxIDE1LDIxIDE1LDE5ICIvPg0KCTxwYXRoIGQ9Ik0xMiwxM3YtMWgxdjFIMTJ6IE0xNCwxNHYtMWgtMXYxSDE0eiBNMTAsMTFoMXYtMWgtMVY5SDl2MTVoMXYtMWgxdi0xaC0xVjExeiBNMTIsMTJ2LTFoLTF2MUgxMnogTTE3LDE3di0xaC0xdjFIMTd6DQoJIE0xOCwxOHYtMWgtMXYxSDE4eiBNMTUsMTV2LTFoLTF2MUgxNXogTTE2LDE2di0xaC0xdjFIMTZ6IE0xNCwyM3YyaDF2LTJIMTR6IE0xNiwyN3YxaDN2LTF2LTJoLTF2MkgxNnogTTE4LDI1di0yaC0xdjJIMTh6IE0xNywyMw0KCXYtMmgtMXYySDE3eiBNMjAsMjB2LTFoLTF2LTFoLTF2MWgtM3YxdjFoMXYtMUgyMHogTTEzLDIxdjJoMXYtMkgxM3ogTTEyLDIwdjFoMXYtMUgxMnogTTE1LDI1djJoMXYtMkgxNXogTTExLDIyaDF2LTFoLTFWMjJ6Ii8+DQo8L3N2Zz4NCg==&quot;) 10 10, auto; pointer-events: auto !important; color: rgb(17, 17, 17); font-family: &quot;Open Sans&quot;, sans-serif; font-size: 16px; font-style: normal; font-variant-ligatures: normal; font-variant-caps: normal; font-weight: 400; letter-spacing: normal; orphans: 2; text-align: left; text-indent: 0px; text-transform: none; widows: 2; word-spacing: 0px; -webkit-text-stroke-width: 0px; white-space: normal; background-color: rgb(255, 255, 255); text-decoration-thickness: initial; text-decoration-style: initial; text-decoration-color: initial;\" id=\"isPasted\">Am Kirchplatz 18<br style=\"box-sizing: border-box; -webkit-user-drag: element !important; user-select: text !important; outline: 0px !important; cursor: url(&quot;data:image\/svg+xml;base64,DQoNCjxzdmcgd2lkdGg9IjIwcHgiIGhlaWdodD0iMjhweCIgdmVyc2lvbj0iMS4xIiBpZD0iTGF5ZXJfMSIgeG1sbnM9Imh0dHA6Ly93d3cudzMub3JnLzIwMDAvc3ZnIiB4bWxuczp4bGluaz0iaHR0cDovL3d3dy53My5vcmcvMTk5OS94bGluayIgeD0iMHB4IiB5PSIwcHgiDQoJIHZpZXdCb3g9IjAgMCAyMCAyOCIgZW5hYmxlLWJhY2tncm91bmQ9Im5ldyAwIDAgMjAgMjgiIHhtbDpzcGFjZT0icHJlc2VydmUiPg0KPHBhdGggZD0iTTEyLDRoLTJ2M0g5VjRIN1YzaDFWMmgxVjFoMXYxaDF2MWgxVjR6IE03LDlINFY3SDN2MUgydjFIMXYxaDF2MWgxdjFoMXYtMmgzVjl6IE0xOCw5aC0xVjhoLTFWN2gtMXYyaC0zdjFoM3YyaDF2LTFoMXYtMQ0KCWgxVjl6IE03LDE1djFoMXYxaDF2LTF2LTFIN3oiLz4NCgk8cGF0aCBmaWxsPSIjRkZGRkZGIiBkPSJNMTAsMlYxaDF2MUgxMHogTTEyLDNWMmgtMXYxSDEyeiBNMTIsM3YxaC0ydjNIOVY0SDdWM0g2djF2MWgydjNoM1Y1aDJWM0gxMnogTTEwLDBIOXYxaDFWMHogTTksMUg4djFoMVYxeg0KCSBNOCwySDd2MWgxVjJ6IE04LDE3djFoMXYtMUg4eiBNNywxNnYxaDF2LTFIN3ogTTYsMTR2Mmgxdi0xaDJ2LTFINnogTTEwLDE3djEgTTE3LDExaDF2LTFoLTFWMTF6IE0xNiwxMmgxdi0xaC0xVjEyeiBNMTYsMTJoLTF2LTINCgloLTFoLTJWOWgyaDFWN2gxVjZoLTFoLTF2MmgtM3YxdjF2MWgzdjJoMWgxVjEyeiBNMTksMTBWOWgtMXYxSDE5eiBNMTgsOVY4aC0xdjFIMTh6IE0xNyw4VjdoLTF2MUgxN3ogTTIsOEgxdjFoMVY4eiBNMyw3SDJ2MWgxVjd6DQoJIE0zLDdoMXYyaDN2MUg0djJIM3YxaDJ2LTJoM1Y4SDVWNkgzVjd6IE0wLDl2MWgxVjlIMHogTTEsMTB2MWgxdi0xSDF6IE0yLDExdjFoMXYtMUgyeiIvPg0KCTxwb2x5Z29uIGZpbGw9IiNGRkZGRkYiIHBvaW50cz0iMTYsMTkgMTcsMTkgMTgsMTkgMTgsMTggMTcsMTggMTcsMTcgMTYsMTcgMTYsMTYgMTUsMTYgMTUsMTUgMTQsMTUgMTQsMTQgMTMsMTQgMTMsMTMgMTIsMTMgMTIsMTINCgkxMSwxMiAxMSwxMSAxMCwxMSAxMCwyMiAxMSwyMiAxMSwyMSAxMiwyMSAxMiwyMCAxMywyMCAxMywyMSAxNCwyMSAxNCwyMyAxNSwyMyAxNSwyNSAxNiwyNSAxNiwyNyAxNywyNyAxOCwyNyAxOCwyNSAxNywyNSAxNywyMw0KCTE2LDIzIDE2LDIxIDE1LDIxIDE1LDE5ICIvPg0KCTxwYXRoIGQ9Ik0xMiwxM3YtMWgxdjFIMTJ6IE0xNCwxNHYtMWgtMXYxSDE0eiBNMTAsMTFoMXYtMWgtMVY5SDl2MTVoMXYtMWgxdi0xaC0xVjExeiBNMTIsMTJ2LTFoLTF2MUgxMnogTTE3LDE3di0xaC0xdjFIMTd6DQoJIE0xOCwxOHYtMWgtMXYxSDE4eiBNMTUsMTV2LTFoLTF2MUgxNXogTTE2LDE2di0xaC0xdjFIMTZ6IE0xNCwyM3YyaDF2LTJIMTR6IE0xNiwyN3YxaDN2LTF2LTJoLTF2MkgxNnogTTE4LDI1di0yaC0xdjJIMTh6IE0xNywyMw0KCXYtMmgtMXYySDE3eiBNMjAsMjB2LTFoLTF2LTFoLTF2MWgtM3YxdjFoMXYtMUgyMHogTTEzLDIxdjJoMXYtMkgxM3ogTTEyLDIwdjFoMXYtMUgxMnogTTE1LDI1djJoMXYtMkgxNXogTTExLDIyaDF2LTFoLTFWMjJ6Ii8+DQo8L3N2Zz4NCg==&quot;) 10 10, auto; pointer-events: auto !important; color: rgb(17, 17, 17); font-family: &quot;Open Sans&quot;, sans-serif; font-size: 16px; font-style: normal; font-variant-ligatures: normal; font-variant-caps: normal; font-weight: 400; letter-spacing: normal; orphans: 2; text-align: left; text-indent: 0px; text-transform: none; widows: 2; word-spacing: 0px; -webkit-text-stroke-width: 0px; white-space: normal; text-decoration-thickness: initial; text-decoration-style: initial; text-decoration-color: initial; background-color: rgb(255, 255, 255);\">33442 Herzebrock-Clarholz<br style=\"box-sizing: border-box; -webkit-user-drag: element !important; user-select: text !important; outline: 0px !important; cursor: url(&quot;data:image\/svg+xml;base64,DQoNCjxzdmcgd2lkdGg9IjIwcHgiIGhlaWdodD0iMjhweCIgdmVyc2lvbj0iMS4xIiBpZD0iTGF5ZXJfMSIgeG1sbnM9Imh0dHA6Ly93d3cudzMub3JnLzIwMDAvc3ZnIiB4bWxuczp4bGluaz0iaHR0cDovL3d3dy53My5vcmcvMTk5OS94bGluayIgeD0iMHB4IiB5PSIwcHgiDQoJIHZpZXdCb3g9IjAgMCAyMCAyOCIgZW5hYmxlLWJhY2tncm91bmQ9Im5ldyAwIDAgMjAgMjgiIHhtbDpzcGFjZT0icHJlc2VydmUiPg0KPHBhdGggZD0iTTEyLDRoLTJ2M0g5VjRIN1YzaDFWMmgxVjFoMXYxaDF2MWgxVjR6IE03LDlINFY3SDN2MUgydjFIMXYxaDF2MWgxdjFoMXYtMmgzVjl6IE0xOCw5aC0xVjhoLTFWN2gtMXYyaC0zdjFoM3YyaDF2LTFoMXYtMQ0KCWgxVjl6IE03LDE1djFoMXYxaDF2LTF2LTFIN3oiLz4NCgk8cGF0aCBmaWxsPSIjRkZGRkZGIiBkPSJNMTAsMlYxaDF2MUgxMHogTTEyLDNWMmgtMXYxSDEyeiBNMTIsM3YxaC0ydjNIOVY0SDdWM0g2djF2MWgydjNoM1Y1aDJWM0gxMnogTTEwLDBIOXYxaDFWMHogTTksMUg4djFoMVYxeg0KCSBNOCwySDd2MWgxVjJ6IE04LDE3djFoMXYtMUg4eiBNNywxNnYxaDF2LTFIN3ogTTYsMTR2Mmgxdi0xaDJ2LTFINnogTTEwLDE3djEgTTE3LDExaDF2LTFoLTFWMTF6IE0xNiwxMmgxdi0xaC0xVjEyeiBNMTYsMTJoLTF2LTINCgloLTFoLTJWOWgyaDFWN2gxVjZoLTFoLTF2MmgtM3YxdjF2MWgzdjJoMWgxVjEyeiBNMTksMTBWOWgtMXYxSDE5eiBNMTgsOVY4aC0xdjFIMTh6IE0xNyw4VjdoLTF2MUgxN3ogTTIsOEgxdjFoMVY4eiBNMyw3SDJ2MWgxVjd6DQoJIE0zLDdoMXYyaDN2MUg0djJIM3YxaDJ2LTJoM1Y4SDVWNkgzVjd6IE0wLDl2MWgxVjlIMHogTTEsMTB2MWgxdi0xSDF6IE0yLDExdjFoMXYtMUgyeiIvPg0KCTxwb2x5Z29uIGZpbGw9IiNGRkZGRkYiIHBvaW50cz0iMTYsMTkgMTcsMTkgMTgsMTkgMTgsMTggMTcsMTggMTcsMTcgMTYsMTcgMTYsMTYgMTUsMTYgMTUsMTUgMTQsMTUgMTQsMTQgMTMsMTQgMTMsMTMgMTIsMTMgMTIsMTINCgkxMSwxMiAxMSwxMSAxMCwxMSAxMCwyMiAxMSwyMiAxMSwyMSAxMiwyMSAxMiwyMCAxMywyMCAxMywyMSAxNCwyMSAxNCwyMyAxNSwyMyAxNSwyNSAxNiwyNSAxNiwyNyAxNywyNyAxOCwyNyAxOCwyNSAxNywyNSAxNywyMw0KCTE2LDIzIDE2LDIxIDE1LDIxIDE1LDE5ICIvPg0KCTxwYXRoIGQ9Ik0xMiwxM3YtMWgxdjFIMTJ6IE0xNCwxNHYtMWgtMXYxSDE0eiBNMTAsMTFoMXYtMWgtMVY5SDl2MTVoMXYtMWgxdi0xaC0xVjExeiBNMTIsMTJ2LTFoLTF2MUgxMnogTTE3LDE3di0xaC0xdjFIMTd6DQoJIE0xOCwxOHYtMWgtMXYxSDE4eiBNMTUsMTV2LTFoLTF2MUgxNXogTTE2LDE2di0xaC0xdjFIMTZ6IE0xNCwyM3YyaDF2LTJIMTR6IE0xNiwyN3YxaDN2LTF2LTJoLTF2MkgxNnogTTE4LDI1di0yaC0xdjJIMTh6IE0xNywyMw0KCXYtMmgtMXYySDE3eiBNMjAsMjB2LTFoLTF2LTFoLTF2MWgtM3YxdjFoMXYtMUgyMHogTTEzLDIxdjJoMXYtMkgxM3ogTTEyLDIwdjFoMXYtMUgxMnogTTE1LDI1djJoMXYtMkgxNXogTTExLDIyaDF2LTFoLTFWMjJ6Ii8+DQo8L3N2Zz4NCg==&quot;) 10 10, auto; pointer-events: auto !important; color: rgb(17, 17, 17); font-family: &quot;Open Sans&quot;, sans-serif; font-size: 16px; font-style: normal; font-variant-ligatures: normal; font-variant-caps: normal; font-weight: 400; letter-spacing: normal; orphans: 2; text-align: left; text-indent: 0px; text-transform: none; widows: 2; word-spacing: 0px; -webkit-text-stroke-width: 0px; white-space: normal; text-decoration-thickness: initial; text-decoration-style: initial; text-decoration-color: initial; background-color: rgb(255, 255, 255);\">Telefon +49 52 45 2437<br style=\"box-sizing: border-box; -webkit-user-drag: element !important; user-select: text !important; outline: 0px !important; cursor: url(&quot;data:image\/svg+xml;base64,DQoNCjxzdmcgd2lkdGg9IjIwcHgiIGhlaWdodD0iMjhweCIgdmVyc2lvbj0iMS4xIiBpZD0iTGF5ZXJfMSIgeG1sbnM9Imh0dHA6Ly93d3cudzMub3JnLzIwMDAvc3ZnIiB4bWxuczp4bGluaz0iaHR0cDovL3d3dy53My5vcmcvMTk5OS94bGluayIgeD0iMHB4IiB5PSIwcHgiDQoJIHZpZXdCb3g9IjAgMCAyMCAyOCIgZW5hYmxlLWJhY2tncm91bmQ9Im5ldyAwIDAgMjAgMjgiIHhtbDpzcGFjZT0icHJlc2VydmUiPg0KPHBhdGggZD0iTTEyLDRoLTJ2M0g5VjRIN1YzaDFWMmgxVjFoMXYxaDF2MWgxVjR6IE03LDlINFY3SDN2MUgydjFIMXYxaDF2MWgxdjFoMXYtMmgzVjl6IE0xOCw5aC0xVjhoLTFWN2gtMXYyaC0zdjFoM3YyaDF2LTFoMXYtMQ0KCWgxVjl6IE03LDE1djFoMXYxaDF2LTF2LTFIN3oiLz4NCgk8cGF0aCBmaWxsPSIjRkZGRkZGIiBkPSJNMTAsMlYxaDF2MUgxMHogTTEyLDNWMmgtMXYxSDEyeiBNMTIsM3YxaC0ydjNIOVY0SDdWM0g2djF2MWgydjNoM1Y1aDJWM0gxMnogTTEwLDBIOXYxaDFWMHogTTksMUg4djFoMVYxeg0KCSBNOCwySDd2MWgxVjJ6IE04LDE3djFoMXYtMUg4eiBNNywxNnYxaDF2LTFIN3ogTTYsMTR2Mmgxdi0xaDJ2LTFINnogTTEwLDE3djEgTTE3LDExaDF2LTFoLTFWMTF6IE0xNiwxMmgxdi0xaC0xVjEyeiBNMTYsMTJoLTF2LTINCgloLTFoLTJWOWgyaDFWN2gxVjZoLTFoLTF2MmgtM3YxdjF2MWgzdjJoMWgxVjEyeiBNMTksMTBWOWgtMXYxSDE5eiBNMTgsOVY4aC0xdjFIMTh6IE0xNyw4VjdoLTF2MUgxN3ogTTIsOEgxdjFoMVY4eiBNMyw3SDJ2MWgxVjd6DQoJIE0zLDdoMXYyaDN2MUg0djJIM3YxaDJ2LTJoM1Y4SDVWNkgzVjd6IE0wLDl2MWgxVjlIMHogTTEsMTB2MWgxdi0xSDF6IE0yLDExdjFoMXYtMUgyeiIvPg0KCTxwb2x5Z29uIGZpbGw9IiNGRkZGRkYiIHBvaW50cz0iMTYsMTkgMTcsMTkgMTgsMTkgMTgsMTggMTcsMTggMTcsMTcgMTYsMTcgMTYsMTYgMTUsMTYgMTUsMTUgMTQsMTUgMTQsMTQgMTMsMTQgMTMsMTMgMTIsMTMgMTIsMTINCgkxMSwxMiAxMSwxMSAxMCwxMSAxMCwyMiAxMSwyMiAxMSwyMSAxMiwyMSAxMiwyMCAxMywyMCAxMywyMSAxNCwyMSAxNCwyMyAxNSwyMyAxNSwyNSAxNiwyNSAxNiwyNyAxNywyNyAxOCwyNyAxOCwyNSAxNywyNSAxNywyMw0KCTE2LDIzIDE2LDIxIDE1LDIxIDE1LDE5ICIvPg0KCTxwYXRoIGQ9Ik0xMiwxM3YtMWgxdjFIMTJ6IE0xNCwxNHYtMWgtMXYxSDE0eiBNMTAsMTFoMXYtMWgtMVY5SDl2MTVoMXYtMWgxdi0xaC0xVjExeiBNMTIsMTJ2LTFoLTF2MUgxMnogTTE3LDE3di0xaC0xdjFIMTd6DQoJIE0xOCwxOHYtMWgtMXYxSDE4eiBNMTUsMTV2LTFoLTF2MUgxNXogTTE2LDE2di0xaC0xdjFIMTZ6IE0xNCwyM3YyaDF2LTJIMTR6IE0xNiwyN3YxaDN2LTF2LTJoLTF2MkgxNnogTTE4LDI1di0yaC0xdjJIMTh6IE0xNywyMw0KCXYtMmgtMXYySDE3eiBNMjAsMjB2LTFoLTF2LTFoLTF2MWgtM3YxdjFoMXYtMUgyMHogTTEzLDIxdjJoMXYtMkgxM3ogTTEyLDIwdjFoMXYtMUgxMnogTTE1LDI1djJoMXYtMkgxNXogTTExLDIyaDF2LTFoLTFWMjJ6Ii8+DQo8L3N2Zz4NCg==&quot;) 10 10, auto; pointer-events: auto !important; color: rgb(17, 17, 17); font-family: &quot;Open Sans&quot;, sans-serif; font-size: 16px; font-style: normal; font-variant-ligatures: normal; font-variant-caps: normal; font-weight: 400; letter-spacing: normal; orphans: 2; text-align: left; text-indent: 0px; text-transform: none; widows: 2; word-spacing: 0px; -webkit-text-stroke-width: 0px; white-space: normal; text-decoration-thickness: initial; text-decoration-style: initial; text-decoration-color: initial; background-color: rgb(255, 255, 255);\">E-Mail <a class=\"u-active-none u-border-none u-btn u-button-link u-button-style u-hover-none u-none u-text-palette-3-dark-3 u-btn-9\" href=\"mailto:cafe-grosskopff@regio-gt.de\">cafe-grosskopff@regio-gt.de<\/a>\n              <\/p>\n              <h5>\n                <a href=\"http:\/\/www.opera.com\/de\/help\">&nbsp;<span class=\"u-text-palette-3-dark-2\" style=\"font-style: italic;\">\u00c4nderung unserer Datenschutzerkl\u00e4rung<\/span>&nbsp;\n                <\/a>\n              <\/h5>\n              <p>\n                <a href=\"http:\/\/www.opera.com\/de\/help\">Wir behalten uns vor, diese Datenschutzerkl\u00e4rung anzupassen, damit sie stets den aktuellen rechtlichen Anforderungen entspricht oder um \u00c4nderungen unserer Leistungen in der Datenschutzerkl\u00e4rung umzusetzen, z.B. bei der Einf\u00fchrung neuer Services. F\u00fcr Ihren erneuten Besuch gilt dann die neue Datenschutzerkl\u00e4rung.<\/a>\n              <\/p>\n              <h5>\n                <a href=\"http:\/\/www.opera.com\/de\/help\">&nbsp;<span class=\"u-text-palette-2-dark-2\" style=\"font-style: italic;\">Fragen zum Datenschutz<\/span>&nbsp;\n                <\/a>\n              <\/h5>\n              <p>\n                <a href=\"http:\/\/www.opera.com\/de\/help\">Wenn Sie Fragen zum Datenschutz haben, schreiben Sie uns bitte eine E-Mail an den oben genannten Verantwortlichen.<\/a>\n              <\/p>\n              <h5>\n                <a href=\"http:\/\/www.opera.com\/de\/help\">&nbsp;<span class=\"u-text-palette-3-dark-2\" style=\"font-style: italic;\">Urheberrechtliche Hinweise<\/span>&nbsp;\n                <\/a>\n              <\/h5>\n              <p>\n                <a href=\"http:\/\/www.opera.com\/de\/help\">Diese Datenschutzerkl\u00e4rung wurde mit Hilfe der activeMind AG erstellt \u2013 den Experten f\u00fcr externe Datenschutzbeauftragt<\/a>e.<a href=\"http:\/\/www.opera.com\/de\/help\">\n                  <br>Die Datenschutzerkl\u00e4rung wurde mit dem Datenschutzerkl\u00e4rungs-Generator der activeMind AG erstellt&nbsp;\n                <\/a>\n              <\/p>\n            <\/div>\n          <\/div>\n        <\/div>\n      <\/div>\n    <\/section>\n    \n    \n    \n    \n    \n    \n  \n","protected":false},"excerpt":{"rendered":"<p>Datenschutzhinweise Verantwortlicher im Sinne der Datenschutzgesetze, insbesondere der EU-Datenschutz-Grundverordnung (DSGVO), ist: Nilza de Lima Gro\u00dfkopffAm Kirchplatz 1833442 Herzebrock-ClarholzTelefon +49 52 45 2437E-Mail cafe-grosskopff@regio-gt.de &nbsp; Ihre Betroffenenrechte Unter den angegebenen Kontaktdaten k\u00f6nnen Sie gem\u00e4\u00df EU-Datenschutz-Grundverordnung (DSGVO) jederzeit folgende Rechte aus\u00fcben: Auskunft \u00fcber Ihre bei uns gespeicherten Daten und deren Verarbeitung (Art. 15 DSGVO, Berichtigung unrichtiger personenbezogener &hellip; <a href=\"https:\/\/cafe-grosskopff.regio-gt.de\/startseite\/datenschutz\/\" class=\"more-link\">Continue reading<span class=\"screen-reader-text\"> &#8222;Datenschutz&#8220;<\/span><\/a><\/p>\n","protected":false},"author":1,"featured_media":0,"parent":0,"menu_order":5,"comment_status":"closed","ping_status":"closed","template":"","meta":{"footnotes":""},"class_list":["post-54","page","type-page","status-publish","hentry"],"_links":{"self":[{"href":"https:\/\/cafe-grosskopff.regio-gt.de\/startseite\/wp-json\/wp\/v2\/pages\/54","targetHints":{"allow":["GET"]}}],"collection":[{"href":"https:\/\/cafe-grosskopff.regio-gt.de\/startseite\/wp-json\/wp\/v2\/pages"}],"about":[{"href":"https:\/\/cafe-grosskopff.regio-gt.de\/startseite\/wp-json\/wp\/v2\/types\/page"}],"author":[{"embeddable":true,"href":"https:\/\/cafe-grosskopff.regio-gt.de\/startseite\/wp-json\/wp\/v2\/users\/1"}],"replies":[{"embeddable":true,"href":"https:\/\/cafe-grosskopff.regio-gt.de\/startseite\/wp-json\/wp\/v2\/comments?post=54"}],"version-history":[{"count":2,"href":"https:\/\/cafe-grosskopff.regio-gt.de\/startseite\/wp-json\/wp\/v2\/pages\/54\/revisions"}],"predecessor-version":[{"id":122,"href":"https:\/\/cafe-grosskopff.regio-gt.de\/startseite\/wp-json\/wp\/v2\/pages\/54\/revisions\/122"}],"wp:attachment":[{"href":"https:\/\/cafe-grosskopff.regio-gt.de\/startseite\/wp-json\/wp\/v2\/media?parent=54"}],"curies":[{"name":"wp","href":"https:\/\/api.w.org\/{rel}","templated":true}]}}